{"id":843,"date":"2017-01-13T14:15:39","date_gmt":"2017-01-13T13:15:39","guid":{"rendered":"http:\/\/hallaryd.se\/?page_id=843"},"modified":"2019-08-30T13:24:41","modified_gmt":"2019-08-30T11:24:41","slug":"hostmote-fran-ax-till-limpa","status":"publish","type":"page","link":"https:\/\/hallaryd.se\/?page_id=843","title":{"rendered":"\u00c4ldre event av Sockenr\u00e5det"},"content":{"rendered":"<h1>H\u00f6stm\u00f6te &#8221;Fr\u00e5n ax till limpa&#8221;<\/h1>\n<p>Den 26 oktober 2016 hade Sockenr\u00e5det ett v\u00e4lbes\u00f6kt h\u00f6stm\u00f6te med Magnus Lind\u00f6 Nyman och Caroline Lind\u00f6. De ber\u00e4ttade om sitt ekologiska arbete p\u00e5 K\u00e4llunda g\u00e5rd i H\u00e4glinge, utanf\u00f6r S\u00f6sdala, och visade bilder. Deltagarna fick smaka p\u00e5 br\u00f6d och tillf\u00e4lle gavs att k\u00f6pa nymalet mj\u00f6l.<\/p>\n<div id=\"attachment_844\" style=\"width: 310px\" class=\"wp-caption aligncenter\"><a href=\"http:\/\/hallaryd.se\/wp-content\/uploads\/2017\/01\/mobil-2016-1-140.jpg\"><img loading=\"lazy\" decoding=\"async\" aria-describedby=\"caption-attachment-844\" class=\"size-medium wp-image-844 \" alt=\"mobil 2016 (1) (140)\" src=\"http:\/\/hallaryd.se\/wp-content\/uploads\/2017\/01\/mobil-2016-1-140-300x225.jpg\" width=\"300\" height=\"225\" srcset=\"https:\/\/hallaryd.se\/wp-content\/uploads\/2017\/01\/mobil-2016-1-140-300x225.jpg 300w, https:\/\/hallaryd.se\/wp-content\/uploads\/2017\/01\/mobil-2016-1-140-1024x768.jpg 1024w, https:\/\/hallaryd.se\/wp-content\/uploads\/2017\/01\/mobil-2016-1-140-400x300.jpg 400w\" sizes=\"auto, (max-width: 300px) 100vw, 300px\" \/><\/a><p id=\"caption-attachment-844\" class=\"wp-caption-text\">Caroline Lind\u00f6 diskuterar br\u00f6d med Bodil Hesselholdt under Sockenr\u00e5dets h\u00f6stm\u00f6te.<\/p><\/div>\n<h1>Julgransresningen och julpysslet 30 november 2014<\/h1>\n<p>\u00c4nnu en succ\u00e9 med \u00f6ver 80 bes\u00f6kare som kom till julpysslet och den goda jul-fikan.<\/p>\n<div>\n<dl id=\"attachment_626\">\n<dt><a href=\"http:\/\/hallaryd.se\/wp-content\/uploads\/2013\/11\/250px-Lussebullar.jpg\"><img loading=\"lazy\" decoding=\"async\" alt=\"250px-Lussebullar\" src=\"http:\/\/hallaryd.se\/wp-content\/uploads\/2013\/11\/250px-Lussebullar.jpg\" width=\"200\" height=\"138\" \/><\/a><\/dt>\n<dd>Bild p\u00e5 lussebullar fr\u00e5n Wikipedia<\/dd>\n<\/dl>\n<\/div>\n<p>F\u00f6rutom fika fick barnen m\u00f6jlighet att vinna i lotteriet vars vinster sk\u00e4nkts av Lekoseum i Osby.<em><strong>\u00a0En vinstlott vars vinst inte har l\u00e4mnats ut \u00e4r nr 42<\/strong><\/em>. Den som har den vinnande lotten kan kontakta kass\u00f6r Thomas Dahl p\u00e5 thomas.dahl@fastighetsbyran.se s\u00e5 har han vinsten.<\/p>\n<p><a href=\"http:\/\/hallaryd.se\/wp-content\/uploads\/2013\/11\/kaffe.png\"><img loading=\"lazy\" decoding=\"async\" alt=\"kaffe\" src=\"http:\/\/hallaryd.se\/wp-content\/uploads\/2013\/11\/kaffe.png\" width=\"102\" height=\"114\" \/><\/a><\/p>\n<p>Barnen bidrog med sin skapargl\u00e4dje och julgranen har nu st\u00e5tat med all sin f\u00e4gring under hela julhelgen till folks och sm\u00e5f\u00e5glarnas fromma!<\/p>\n<p>&nbsp;<\/p>\n<p>Vid granen bj\u00f6ds det p\u00e5 grillad korv och alla sn\u00e4lla barn fick bes\u00f6k av tomten som hade p\u00e5sar med godsaker med sig som v\u00e4nligen hade sk\u00e4nkts av Herrg\u00e5rdstoppen i Str\u00f6msn\u00e4sbruk.<\/p>\n<h1>H\u00f6stm\u00f6te i Hallaborg den 5 november<\/h1>\n<p>&nbsp;<\/p>\n<p>Kv\u00e4llen b\u00f6rjade med att ordf\u00f6rande \u00c5sa Dahlstr\u00f6m ber\u00e4ttade om vad f\u00f6reningen och\u00a0 styrelsen arbetat sen f\u00f6rra m\u00f6tet i v\u00e5ras.<\/p>\n<p>Det var en rolig och god f\u00f6rel\u00e4sning om choklad som Madl\u00e9n Sj\u00f6gaardh fr\u00e5n Madrix i H\u00e4ssleholm bj\u00f6d p\u00e5 tillsammans med provsmakning av olika chokladsorter med varierande kakaohalt och smaktillsatser.<\/p>\n<p><a href=\"http:\/\/hallaryd.se\/wp-content\/uploads\/2013\/11\/chokladprov3.jpg\"><img loading=\"lazy\" decoding=\"async\" class=\"alignnone size-medium wp-image-600\" alt=\"chokladprov3\" src=\"http:\/\/hallaryd.se\/wp-content\/uploads\/2013\/11\/chokladprov3-300x201.jpg\" width=\"300\" height=\"201\" srcset=\"https:\/\/hallaryd.se\/wp-content\/uploads\/2013\/11\/chokladprov3-300x201.jpg 300w, https:\/\/hallaryd.se\/wp-content\/uploads\/2013\/11\/chokladprov3-1024x687.jpg 1024w, https:\/\/hallaryd.se\/wp-content\/uploads\/2013\/11\/chokladprov3-446x300.jpg 446w\" sizes=\"auto, (max-width: 300px) 100vw, 300px\" \/><\/a><\/p>\n<p>Inf\u00f6r m\u00f6tet visade b\u00e5de Bertil Pettersson och Thomas Dahl att de har anlag f\u00f6r k\u00f6ksarbete, glatt p\u00e5hejade av Madl\u00e9n! De goda frallorna hade Thomas fru Veronika bakat.<\/p>\n<p><a href=\"http:\/\/hallaryd.se\/wp-content\/uploads\/2013\/11\/chokladprov1.jpg\"><img loading=\"lazy\" decoding=\"async\" class=\"alignnone size-medium wp-image-598\" alt=\"Madl\u00e9n Sj\u00f6gaard, Madrix, H\u00e4ssleholm.\" src=\"http:\/\/hallaryd.se\/wp-content\/uploads\/2013\/11\/chokladprov1-300x201.jpg\" width=\"300\" height=\"201\" srcset=\"https:\/\/hallaryd.se\/wp-content\/uploads\/2013\/11\/chokladprov1-300x201.jpg 300w, https:\/\/hallaryd.se\/wp-content\/uploads\/2013\/11\/chokladprov1-1024x687.jpg 1024w, https:\/\/hallaryd.se\/wp-content\/uploads\/2013\/11\/chokladprov1-446x300.jpg 446w\" sizes=\"auto, (max-width: 300px) 100vw, 300px\" \/><\/a><\/p>\n<p>Madl\u00e9n Sj\u00f6gaardh kunde verkligen ber\u00e4tta om chokladen p\u00e5 ett roligt och medryckande s\u00e4tt. Det var aldrig en tr\u00e5kig sekund under hela kv\u00e4llen!<\/p>\n<p><a href=\"http:\/\/hallaryd.se\/wp-content\/uploads\/2013\/11\/chokladprov4ny.jpg\"><img loading=\"lazy\" decoding=\"async\" class=\"alignnone size-medium wp-image-603\" alt=\"Madl\u00e9n Sj\u00f6gaard, Madrix, H\u00e4ssleholm.\" src=\"http:\/\/hallaryd.se\/wp-content\/uploads\/2013\/11\/chokladprov4ny-254x300.jpg\" width=\"254\" height=\"300\" srcset=\"https:\/\/hallaryd.se\/wp-content\/uploads\/2013\/11\/chokladprov4ny-254x300.jpg 254w, https:\/\/hallaryd.se\/wp-content\/uploads\/2013\/11\/chokladprov4ny-868x1024.jpg 868w, https:\/\/hallaryd.se\/wp-content\/uploads\/2013\/11\/chokladprov4ny.jpg 1939w\" sizes=\"auto, (max-width: 254px) 100vw, 254px\" \/><\/a><\/p>\n<p>Kv\u00e4llens tema var choklad och likas\u00e5 gick t\u00e4vlingen ut p\u00e5 att skapa av choklad. Alla som ville fick l\u00e4mna in bidrag och juryn som bestod av Madl\u00e9n Sj\u00f6gaardh, \u00c5sa Dahlstr\u00f6m och Ann-Britt Sernefell, f\u00f6rra \u00e5rets vinnare i \u00e4pplepaj-t\u00e4vlingen, hade fullt sj\u00e5 med att v\u00e4lja ut den godaste av de goda som l\u00e4mnats in.<\/p>\n<p>Vinnare blev slutligen\u00a0 Veronika Dahl med sina fantastiska hallonpistagepraliner. P\u00e5 andra plats kom Aafje Japchen och p\u00e5 tredjeplats kom Gunnel Setterberg med sina goda skapelser.<br \/>\nPriserna var f\u00f6rst\u00e5s i form av choklad fr\u00e5n Madrix!<\/p>\n<p><a href=\"http:\/\/hallaryd.se\/wp-content\/uploads\/2013\/11\/chokladprov5ny.jpg\"><img loading=\"lazy\" decoding=\"async\" class=\"alignnone size-medium wp-image-604\" alt=\"chokladprov5ny\" src=\"http:\/\/hallaryd.se\/wp-content\/uploads\/2013\/11\/chokladprov5ny-300x209.jpg\" width=\"300\" height=\"209\" srcset=\"https:\/\/hallaryd.se\/wp-content\/uploads\/2013\/11\/chokladprov5ny-300x209.jpg 300w, https:\/\/hallaryd.se\/wp-content\/uploads\/2013\/11\/chokladprov5ny-1024x716.jpg 1024w, https:\/\/hallaryd.se\/wp-content\/uploads\/2013\/11\/chokladprov5ny-429x300.jpg 429w\" sizes=\"auto, (max-width: 300px) 100vw, 300px\" \/><\/a><\/p>\n<p>Kv\u00e4llens lotteri var ocks\u00e5 chokladinspirerat och s\u00e5ldes snabbt slut och de fina vinsterna fick nya glada \u00e4gare vid kaffefikat som f\u00f6reningen bj\u00f6d p\u00e5. Alla fick f\u00f6rs\u00f6ka att smaka av de olika bidragen.<\/p>\n<p>En lyckad kv\u00e4ll med glada m\u00e4nniskor och ett engagemang som vi hoppas ska fylla Hallaborg n\u00e4sta \u00e5r ocks\u00e5.<\/p>\n<p>Fotograf var Susanne G\u00e4re!<\/p>\n<p>&nbsp;<\/p>\n<p>****************************************************************************************************<\/p>\n<h1>Arbetsdag i Hallaryds Sockenr\u00e5d<\/h1>\n<p>Den 5 oktober 2014 bj\u00f6d p\u00e5 solsken och en underbar h\u00f6stdag.<\/p>\n<p>Perfekt f\u00f6r en dag ute i naturen!<\/p>\n<p>Lejonparten av styrelsen i Hallaryds Sockenr\u00e5d samlades f\u00f6r att fr\u00e4scha upp Hennings broar och Hallaryd-skyltarna vid infarterna till byn.<\/p>\n<p>Efter ett v\u00e4l utf\u00f6rt arbete samlades man i Hallarydsg\u00e5rden och intog en v\u00e4rmande soppa med goda nybakade h\u00e4lsosamma bullar.<\/p>\n<p><a href=\"http:\/\/hallaryd.se\/wp-content\/uploads\/2013\/11\/Bild-3.jpg\"><img loading=\"lazy\" decoding=\"async\" alt=\"Bild 3\" src=\"http:\/\/hallaryd.se\/wp-content\/uploads\/2013\/11\/Bild-3.jpg\" width=\"600\" height=\"800\" \/><\/a><\/p>\n<p><a href=\"http:\/\/hallaryd.se\/wp-content\/uploads\/2013\/11\/Bild-5.jpg\"><img loading=\"lazy\" decoding=\"async\" alt=\"Bild 5\" src=\"http:\/\/hallaryd.se\/wp-content\/uploads\/2013\/11\/Bild-5.jpg\" width=\"600\" height=\"800\" \/><\/a><\/p>\n<p><a href=\"http:\/\/hallaryd.se\/wp-content\/uploads\/2013\/11\/Bild-10.jpg\"><img loading=\"lazy\" decoding=\"async\" alt=\"Bild 10\" src=\"http:\/\/hallaryd.se\/wp-content\/uploads\/2013\/11\/Bild-10.jpg\" width=\"600\" height=\"800\" \/><\/a><\/p>\n<p><a href=\"http:\/\/hallaryd.se\/wp-content\/uploads\/2013\/11\/Bild-7.jpg\"><img loading=\"lazy\" decoding=\"async\" alt=\"Bild 7\" src=\"http:\/\/hallaryd.se\/wp-content\/uploads\/2013\/11\/Bild-7.jpg\" width=\"600\" height=\"800\" \/><\/a><\/p>\n<p>Fotograf: Helene Isberg<\/p>\n<p>&nbsp;<\/p>\n<p>**********************************************************************************************************************************<\/p>\n<p>&nbsp;<\/p>\n<div>\n<dl id=\"attachment_281\">\n<dt>\n<div id=\"attachment_281\" style=\"width: 310px\" class=\"wp-caption alignnone\"><a href=\"http:\/\/hallaryd.se\/wp-content\/uploads\/2013\/11\/DSC_0503.jpg\"><img loading=\"lazy\" decoding=\"async\" aria-describedby=\"caption-attachment-281\" class=\"size-medium wp-image-281\" alt=\"Fem medlemmar ur f\u00f6reningen Psalmodikonisterna spelade f\u00f6r \u00e5rsm\u00f6tet.\" src=\"http:\/\/hallaryd.se\/wp-content\/uploads\/2013\/11\/DSC_0503-300x200.jpg\" width=\"300\" height=\"200\" srcset=\"https:\/\/hallaryd.se\/wp-content\/uploads\/2013\/11\/DSC_0503-300x200.jpg 300w, https:\/\/hallaryd.se\/wp-content\/uploads\/2013\/11\/DSC_0503-1024x685.jpg 1024w, https:\/\/hallaryd.se\/wp-content\/uploads\/2013\/11\/DSC_0503-448x300.jpg 448w\" sizes=\"auto, (max-width: 300px) 100vw, 300px\" \/><\/a><p id=\"caption-attachment-281\" class=\"wp-caption-text\">Fem medlemmar ur f\u00f6reningen Psalmodikonisterna spelade f\u00f6r \u00e5rsm\u00f6tet.<\/p><\/div>\n<\/dt>\n<\/dl>\n<\/div>\n<p>&nbsp;<\/p>\n<div>\n<dl id=\"attachment_276\">\n<dt><a href=\"http:\/\/hallaryd.se\/wp-content\/uploads\/2013\/11\/DSC_0534.jpg\"><img loading=\"lazy\" decoding=\"async\" alt=\"DSC_0534\" src=\"http:\/\/hallaryd.se\/wp-content\/uploads\/2013\/11\/DSC_0534-200x300.jpg\" width=\"200\" height=\"300\" \/><\/a><\/dt>\n<dd>En egentillverkad psalmodikon. H\u00e4r en modell med extra resonansstr\u00e4ngar.<\/dd>\n<\/dl>\n<\/div>\n<div>\n<dl id=\"attachment_275\">\n<dt><a href=\"http:\/\/hallaryd.se\/wp-content\/uploads\/2013\/11\/DSC_0506.jpg\"><img loading=\"lazy\" decoding=\"async\" alt=\"DSC_0506\" src=\"http:\/\/hallaryd.se\/wp-content\/uploads\/2013\/11\/DSC_0506-200x300.jpg\" width=\"200\" height=\"300\" \/><\/a><\/dt>\n<dd>Vidar Lundb\u00e4ck leder med fast hand sina medmusikanter medan s\u00e5ngen ackompanjeras av tonerna fr\u00e5n instrumenten.<\/dd>\n<\/dl>\n<\/div>\n<p>&nbsp;<\/p>\n<p><a href=\"http:\/\/hallaryd.se\/wp-content\/uploads\/2013\/11\/logo-beskuren-web.jpg\"><img loading=\"lazy\" decoding=\"async\" alt=\"logo-beskuren-web\" src=\"http:\/\/hallaryd.se\/wp-content\/uploads\/2013\/11\/logo-beskuren-web-223x300.jpg\" width=\"223\" height=\"300\" \/><\/a><\/p>\n<p><strong><em>S\u00e5 har \u00e5rets \u00e5rsm\u00f6te h\u00e5llits och som en liten p\u00e5minnelse om den annorlunda minikonserten, genomf\u00f6rd av en del av\u00a0 Psalmodikonisterna i Hallaryd innan m\u00f6tet\u00a0<\/em><\/strong><strong><em>b\u00f6rjade,<\/em><\/strong>\u00a0<strong><em>kommer h\u00e4r en handfull bilder och en l\u00e4nk till deras hemsida!<\/em><\/strong><\/p>\n<h1><a href=\"http:\/\/www.musikfamiljen.se\/psalmodikon.html\">\u00a0Psalmodikonisterna i Hallaryd<\/a><\/h1>\n<p>&nbsp;<\/p>\n<p>&nbsp;<\/p>\n<div>\n<dl id=\"attachment_278\">\n<dt><a href=\"http:\/\/hallaryd.se\/wp-content\/uploads\/2013\/11\/DSC_0510.jpg\"><img loading=\"lazy\" decoding=\"async\" alt=\"DSC_0510\" src=\"http:\/\/hallaryd.se\/wp-content\/uploads\/2013\/11\/DSC_0510-200x300.jpg\" width=\"200\" height=\"300\" \/><\/a><\/dt>\n<dd>Ingegerd Lundb\u00e4ck inv\u00e4ntar spelstarten.<\/dd>\n<\/dl>\n<\/div>\n<div>\n<dl id=\"attachment_277\">\n<dt><a href=\"http:\/\/hallaryd.se\/wp-content\/uploads\/2013\/11\/DSC_0516.jpg\"><img loading=\"lazy\" decoding=\"async\" alt=\"DSC_0516\" src=\"http:\/\/hallaryd.se\/wp-content\/uploads\/2013\/11\/DSC_0516-200x300.jpg\" width=\"200\" height=\"300\" \/><\/a><\/dt>\n<dd>Magdalena Klein visar upp sitt speciella instrument.<\/dd>\n<\/dl>\n<\/div>\n<p>&nbsp;<\/p>\n<div>\n<dl id=\"attachment_274\">\n<dt><a href=\"http:\/\/hallaryd.se\/wp-content\/uploads\/2013\/11\/DSC_0514.jpg\"><img loading=\"lazy\" decoding=\"async\" alt=\"DSC_0514\" src=\"http:\/\/hallaryd.se\/wp-content\/uploads\/2013\/11\/DSC_0514-200x300.jpg\" width=\"200\" height=\"300\" \/><\/a><\/dt>\n<dd>Per-Anders Nilsson med str\u00e5ken \u00e4r beredd inf\u00f6r dagens spelning.<\/dd>\n<\/dl>\n<\/div>\n<div>\n<dl id=\"attachment_280\">\n<dt><a href=\"http:\/\/hallaryd.se\/wp-content\/uploads\/2013\/11\/DSC_0520.jpg\"><img loading=\"lazy\" decoding=\"async\" alt=\"DSC_0520\" src=\"http:\/\/hallaryd.se\/wp-content\/uploads\/2013\/11\/DSC_0520-200x300.jpg\" width=\"200\" height=\"325\" \/><\/a><\/dt>\n<dd>Horst Klein visar p\u00e5 ett gott handlag med sitt egenbyggda instrument fr\u00e5n g\u00e5ngna tider.<\/dd>\n<\/dl>\n<\/div>\n<p>Ovanst\u00e5ende foton \u00e4r tagna av Susanne G\u00e4re.<\/p>\n<p>Bildtexter: \u00c5sa Dahlstr\u00f6m<\/p>\n<p>&#8212;&#8212;&#8212;&#8212;&#8212;&#8212;&#8212;&#8212;&#8212;&#8212;&#8212;&#8212;&#8212;&#8212;&#8212;&#8212;&#8212;&#8212;&#8212;&#8212;&#8212;&#8212;&#8212;&#8212;&#8212;&#8212;&#8212;&#8212;&#8212;&#8212;&#8212;<\/p>\n<p><strong>\u00c5rsm\u00f6te<\/strong><\/p>\n<p>S\u00f6ndagen den<strong><em>\u00a016 mars kl 14.00<\/em>\u00a0<\/strong>\u00e5rsm\u00f6te f\u00f6r Hallaryds Sockenr\u00e5d i Hallarydsg\u00e5rden.<\/p>\n<p>Alla gamla och nya medlemmar h\u00e4lsas v\u00e4lkomna!<\/p>\n<p>Vi bjuder p\u00e5 kaffe med v\u00e5fflor!\u00a0<strong><a href=\"http:\/\/hallaryd.se\/wp-content\/uploads\/2013\/11\/kaffe.png\"><br \/>\n<\/a><\/strong><\/p>\n<p>Styrelsen<\/p>\n<p>Hallaryds Sockenr\u00e5d<\/p>\n<p>&nbsp;<\/p>\n<p>&nbsp;<\/p>\n<p>&#8212;&#8212;&#8212;&#8212;&#8212;&#8212;&#8212;&#8212;&#8212;&#8212;&#8212;&#8212;&#8212;&#8212;&#8212;&#8212;&#8212;&#8212;&#8212;&#8212;&#8212;&#8212;&#8212;&#8212;&#8212;&#8212;&#8212;&#8212;&#8212;&#8212;&#8212;&#8212;-<\/p>\n<p><strong>H\u00e4r kommer snart mer i<\/strong><strong>nfo om Hallaryds Sockenr\u00e5d! Tack f\u00f6r ert t\u00e5lamod!<\/strong><\/p>\n<div>\n<dl id=\"attachment_125\">\n<dt><a href=\"http:\/\/hallaryd.se\/wp-content\/uploads\/2013\/11\/30-pal-gran5.jpg\"><img loading=\"lazy\" decoding=\"async\" alt=\"H\u00e4r finns m\u00e5nga sn\u00e4lla barn!\" src=\"http:\/\/hallaryd.se\/wp-content\/uploads\/2013\/11\/30-pal-gran5-300x200.jpg\" width=\"300\" height=\"200\" \/><\/a><\/dt>\n<dd>Tomtebes\u00f6k vid julgransresningen 2012<\/dd>\n<\/dl>\n<\/div>\n<p><strong>Jultomten kom till Hallaryd och julgransresningen 2012<\/strong><\/p>\n<p>Det b\u00e4sta \u00e4r att han lovat att komma tillbaka i \u00e5r igen! Missa inte v\u00e5r julstuga med julfika och pyssel med dekorationer till julgranen.\u00a0N\u00e4r granen \u00e4r rest och pyntad kan kanske tomten hinna med ett bes\u00f6k och d\u00e5 f\u00e5r vi se vad han har med sig i s\u00e4cken! B\u00e5de stora och sm\u00e5 h\u00e4lsas v\u00e4lkomna till julst\u00f6ket och fikat i Betel och vid julgranen vankas det ocks\u00e5 grillad korv f\u00f6r den som \u00e4r sugen p\u00e5 det! Vi samlas p\u00e5 l\u00f6rdag den 30 november vid 14-tiden i Betel och forts\u00e4tter senare runt granen vid Osby-korset.<\/p>\n<p>Fotograf: Susanne G\u00e4re<\/p>\n<p>&nbsp;<\/p>\n<p>&nbsp;<\/p>\n<p><a id=\"set-post-thumbnail\" title=\"Ange utvald bild\" href=\"http:\/\/hallaryd.se\/wp-admin\/media-upload.php?post_id=124&amp;type=image&amp;TB_iframe=1\">\u00a0<\/a><\/p>\n","protected":false},"excerpt":{"rendered":"<p>H\u00f6stm\u00f6te &#8221;Fr\u00e5n ax till limpa&#8221; Den 26 oktober 2016 hade Sockenr\u00e5det ett v\u00e4lbes\u00f6kt h\u00f6stm\u00f6te med Magnus Lind\u00f6 Nyman och Caroline Lind\u00f6. De ber\u00e4ttade om sitt ekologiska arbete p\u00e5 K\u00e4llunda g\u00e5rd i H\u00e4glinge, utanf\u00f6r S\u00f6sdala, och visade bilder. Deltagarna fick smaka &hellip; <a href=\"https:\/\/hallaryd.se\/?page_id=843\">Continue reading <span class=\"meta-nav\">&rarr;<\/span><\/a><\/p>\n","protected":false},"author":12,"featured_media":0,"parent":0,"menu_order":0,"comment_status":"closed","ping_status":"closed","template":"","meta":{"footnotes":""},"class_list":["post-843","page","type-page","status-publish","hentry"],"_links":{"self":[{"href":"https:\/\/hallaryd.se\/index.php?rest_route=\/wp\/v2\/pages\/843","targetHints":{"allow":["GET"]}}],"collection":[{"href":"https:\/\/hallaryd.se\/index.php?rest_route=\/wp\/v2\/pages"}],"about":[{"href":"https:\/\/hallaryd.se\/index.php?rest_route=\/wp\/v2\/types\/page"}],"author":[{"embeddable":true,"href":"https:\/\/hallaryd.se\/index.php?rest_route=\/wp\/v2\/users\/12"}],"replies":[{"embeddable":true,"href":"https:\/\/hallaryd.se\/index.php?rest_route=%2Fwp%2Fv2%2Fcomments&post=843"}],"version-history":[{"count":9,"href":"https:\/\/hallaryd.se\/index.php?rest_route=\/wp\/v2\/pages\/843\/revisions"}],"predecessor-version":[{"id":1264,"href":"https:\/\/hallaryd.se\/index.php?rest_route=\/wp\/v2\/pages\/843\/revisions\/1264"}],"wp:attachment":[{"href":"https:\/\/hallaryd.se\/index.php?rest_route=%2Fwp%2Fv2%2Fmedia&parent=843"}],"curies":[{"name":"wp","href":"https:\/\/api.w.org\/{rel}","templated":true}]}}