{"id":168,"date":"2014-01-16T18:29:36","date_gmt":"2014-01-16T17:29:36","guid":{"rendered":"http:\/\/hallaryd.se\/?page_id=168"},"modified":"2015-04-21T14:59:16","modified_gmt":"2015-04-21T12:59:16","slug":"hallarydsdagen","status":"publish","type":"page","link":"https:\/\/hallaryd.se\/?page_id=168","title":{"rendered":"Hallarydsdagen 2014"},"content":{"rendered":"<p style=\"text-align: center;\"><span style=\"color: #000080;\">xxxxxxxxxxxxxxxxxxxxxxxxxxxxxxxxxxxxxxxxxxxxxxxxxxxxxxxxxxxxxxxx<\/span><\/p>\n<p style=\"text-align: center;\"><span style=\"color: #000080;\">Vinnande nummer i m\u00e4rkeslotteriet blev<\/span><\/p>\n<h1 style=\"text-align: center;\"><span style=\"color: #000080;\">1086, 1164 och 1579<\/span><\/h1>\n<p style=\"text-align: center;\"><span style=\"color: #000080;\">Vinsterna best\u00e5r av 3 st presentkort \u00e0 500 kr i Gr\u00e4sljunga G\u00e5rdsbutik<\/span><\/p>\n<p style=\"text-align: center;\"><span style=\"color: #000080;\">Vid vinst kontakta \u00c5sa Dahlstr\u00f6m 0733-26 01 13 f\u00f6r vidare information.<br \/>\n<\/span><\/p>\n<p style=\"text-align: center;\"><span style=\"color: #000080;\">xxxxxxxxxxxxxxxxxxxxxxxxxxxxxxxxxxxxxxxxxxxxxxxxxxxxxxxxxxxxxxxxx<\/span><\/p>\n<div id=\"attachment_428\" style=\"width: 2122px\" class=\"wp-caption aligncenter\"><a href=\"http:\/\/hallaryd.se\/wp-content\/uploads\/2014\/01\/DSCN3287.jpg\"><img loading=\"lazy\" decoding=\"async\" aria-describedby=\"caption-attachment-428\" class=\" wp-image-428  \" alt=\"Samling vid grillen\" src=\"http:\/\/hallaryd.se\/wp-content\/uploads\/2014\/01\/DSCN3287.jpg\" width=\"2112\" height=\"2816\" srcset=\"https:\/\/hallaryd.se\/wp-content\/uploads\/2014\/01\/DSCN3287.jpg 2112w, https:\/\/hallaryd.se\/wp-content\/uploads\/2014\/01\/DSCN3287-225x300.jpg 225w, https:\/\/hallaryd.se\/wp-content\/uploads\/2014\/01\/DSCN3287-768x1024.jpg 768w\" sizes=\"auto, (max-width: 2112px) 100vw, 2112px\" \/><\/a><p id=\"caption-attachment-428\" class=\"wp-caption-text\">Samling vid grillen<\/p><\/div>\n<div id=\"attachment_429\" style=\"width: 2122px\" class=\"wp-caption aligncenter\"><a href=\"http:\/\/hallaryd.se\/wp-content\/uploads\/2014\/01\/DSCN3292.jpg\"><img loading=\"lazy\" decoding=\"async\" aria-describedby=\"caption-attachment-429\" class=\" wp-image-429\" alt=\"DSCN3292\" src=\"http:\/\/hallaryd.se\/wp-content\/uploads\/2014\/01\/DSCN3292.jpg\" width=\"2112\" height=\"2816\" srcset=\"https:\/\/hallaryd.se\/wp-content\/uploads\/2014\/01\/DSCN3292.jpg 2112w, https:\/\/hallaryd.se\/wp-content\/uploads\/2014\/01\/DSCN3292-225x300.jpg 225w, https:\/\/hallaryd.se\/wp-content\/uploads\/2014\/01\/DSCN3292-768x1024.jpg 768w\" sizes=\"auto, (max-width: 2112px) 100vw, 2112px\" \/><\/a><p id=\"caption-attachment-429\" class=\"wp-caption-text\">Att passa korven \u00e4r sp\u00e4nnande f\u00f6r b\u00e5de stora och sm\u00e5!<\/p><\/div>\n<div id=\"attachment_430\" style=\"width: 2122px\" class=\"wp-caption aligncenter\"><a href=\"http:\/\/hallaryd.se\/wp-content\/uploads\/2014\/01\/DSCN3291.jpg\"><img loading=\"lazy\" decoding=\"async\" aria-describedby=\"caption-attachment-430\" class=\" wp-image-430\" alt=\"DSCN3291\" src=\"http:\/\/hallaryd.se\/wp-content\/uploads\/2014\/01\/DSCN3291.jpg\" width=\"2112\" height=\"2816\" srcset=\"https:\/\/hallaryd.se\/wp-content\/uploads\/2014\/01\/DSCN3291.jpg 2112w, https:\/\/hallaryd.se\/wp-content\/uploads\/2014\/01\/DSCN3291-225x300.jpg 225w, https:\/\/hallaryd.se\/wp-content\/uploads\/2014\/01\/DSCN3291-768x1024.jpg 768w\" sizes=\"auto, (max-width: 2112px) 100vw, 2112px\" \/><\/a><p id=\"caption-attachment-430\" class=\"wp-caption-text\">Bordet stod dukat med alla slags goda tillbeh\u00f6r och fika!<\/p><\/div>\n<p style=\"text-align: left;\">Fotograf: Susanne G\u00e4re<\/p>\n<p style=\"text-align: center;\">P\u00e5 tisdagskv\u00e4llen 24 juni samlades en trogen skara glada Hallarydsdagsfunktion\u00e4rer f\u00f6r en trivsam uppf\u00f6ljning och avslutning av \u00e5rets Hallarydsdag.<\/p>\n<p style=\"text-align: center;\">V\u00e4dret var \u00e4n en g\u00e5ng p\u00e5 sitt b\u00e4sta hum\u00f6r och regnen som tidigare p\u00e5 dagen dr\u00e4nkt v\u00e5r by lyste med sin fr\u00e5nvaro.<\/p>\n<p style=\"text-align: center;\">Tack alla goa Hallarydsentusiaster som st\u00e4ller upp, utan er skulle det inte fungera!<\/p>\n<p style=\"text-align: center;\">Ha en sk\u00f6n sommar!<\/p>\n<p style=\"text-align: center;\">\u00f6nskar<\/p>\n<p style=\"text-align: center;\">\u00c5sa Dahlstr\u00f6m<\/p>\n<p style=\"text-align: center;\">Projektledare f\u00f6r Hallarydsdagen 2014<\/p>\n<p style=\"text-align: center;\"><span style=\"color: #000080;\">xxxxxxxxxxxxxxxxxxxxxxxxxxxxxxxxxxxxxxxxxxxxxxxxx<\/span><\/p>\n<p style=\"text-align: center;\"><span style=\"color: #000080;\">Ett stort TACK till alla som arbetat med \u00e5rets Hallarydsdag!<\/span><\/p>\n<p style=\"text-align: center;\"><span style=\"color: #000080;\">Tack vare er blev det en succ\u00e9 med<\/span><\/p>\n<p style=\"text-align: center;\"><span style=\"color: #000080;\"> lagom v\u00e4der, <\/span><\/p>\n<p style=\"text-align: center;\"><span style=\"color: #000080;\">m\u00e5nga bes\u00f6kare, <\/span><\/p>\n<p style=\"text-align: center;\"><span style=\"color: #000080;\">skickliga artister och sk\u00f6nsjungande k\u00f6rer,\u00a0<\/span><\/p>\n<p style=\"text-align: center;\"><span style=\"color: #000080;\"> trevliga och duktiga hantverkare\/f\u00f6rs\u00e4ljare, <\/span><\/p>\n<p style=\"text-align: center;\"><span style=\"color: #000080;\">intressanta utst\u00e4llningar av b\u00e5de foto, konst, motorer och olika fordon, <\/span><\/p>\n<p style=\"text-align: center;\"><span style=\"color: #000080;\">god mat i grillarna och kaffeserveringen.<\/span><\/p>\n<p>&nbsp;<\/p>\n<p style=\"text-align: center;\"><a href=\"http:\/\/hallaryd.se\/wp-content\/uploads\/2014\/01\/Smalanningen-reportage.png\"><img loading=\"lazy\" decoding=\"async\" class=\"aligncenter size-full wp-image-410\" alt=\"Smalanningen reportage\" src=\"http:\/\/hallaryd.se\/wp-content\/uploads\/2014\/01\/Smalanningen-reportage.png\" width=\"1536\" height=\"2048\" srcset=\"https:\/\/hallaryd.se\/wp-content\/uploads\/2014\/01\/Smalanningen-reportage.png 1536w, https:\/\/hallaryd.se\/wp-content\/uploads\/2014\/01\/Smalanningen-reportage-225x300.png 225w, https:\/\/hallaryd.se\/wp-content\/uploads\/2014\/01\/Smalanningen-reportage-768x1024.png 768w\" sizes=\"auto, (max-width: 1536px) 100vw, 1536px\" \/><\/a>Saxat fr\u00e5n Sm\u00e5l\u00e4nningen n\u00e4tupplagan m\u00e5n 9 juni<\/p>\n<p style=\"text-align: center;\"><span style=\"color: #000080;\">Nedan f\u00f6ljer ett litet axplock av bilder fr\u00e5n hembygdsparken.<\/span><\/p>\n<div id=\"attachment_391\" style=\"width: 610px\" class=\"wp-caption aligncenter\"><a href=\"http:\/\/hallaryd.se\/wp-content\/uploads\/2014\/01\/IMGP2730-600.jpg\"><img loading=\"lazy\" decoding=\"async\" aria-describedby=\"caption-attachment-391\" class=\" wp-image-391 \" title=\"Roboten Morris kom p\u00e5 bes\u00f6k till barnens f\u00f6rtjusning eller f\u00f6rskr\u00e4ckelse!\" alt=\"Roboten Morris\" src=\"http:\/\/hallaryd.se\/wp-content\/uploads\/2014\/01\/IMGP2730-600.jpg\" width=\"600\" height=\"450\" srcset=\"https:\/\/hallaryd.se\/wp-content\/uploads\/2014\/01\/IMGP2730-600.jpg 600w, https:\/\/hallaryd.se\/wp-content\/uploads\/2014\/01\/IMGP2730-600-300x225.jpg 300w, https:\/\/hallaryd.se\/wp-content\/uploads\/2014\/01\/IMGP2730-600-400x300.jpg 400w\" sizes=\"auto, (max-width: 600px) 100vw, 600px\" \/><\/a><p id=\"caption-attachment-391\" class=\"wp-caption-text\">Roboten Morris kom p\u00e5 bes\u00f6k till barnens f\u00f6rtjusning eller f\u00f6rskr\u00e4ckelse!<\/p><\/div>\n<div id=\"attachment_392\" style=\"width: 610px\" class=\"wp-caption aligncenter\"><a href=\"http:\/\/hallaryd.se\/wp-content\/uploads\/2014\/01\/IMGP2735-600.jpg\"><img loading=\"lazy\" decoding=\"async\" aria-describedby=\"caption-attachment-392\" class=\" wp-image-392 \" title=\"Hembygdsparken\" alt=\"Hembygdsparken\" src=\"http:\/\/hallaryd.se\/wp-content\/uploads\/2014\/01\/IMGP2735-600.jpg\" width=\"600\" height=\"450\" srcset=\"https:\/\/hallaryd.se\/wp-content\/uploads\/2014\/01\/IMGP2735-600.jpg 600w, https:\/\/hallaryd.se\/wp-content\/uploads\/2014\/01\/IMGP2735-600-300x225.jpg 300w, https:\/\/hallaryd.se\/wp-content\/uploads\/2014\/01\/IMGP2735-600-400x300.jpg 400w\" sizes=\"auto, (max-width: 600px) 100vw, 600px\" \/><\/a><p id=\"caption-attachment-392\" class=\"wp-caption-text\">Hembygdsparken var v\u00e4lbes\u00f6kt med uppskattningsvis ca 1 500 personer som roade sig under Hallarydsdagen.<\/p><\/div>\n<div id=\"attachment_393\" style=\"width: 610px\" class=\"wp-caption aligncenter\"><a href=\"http:\/\/hallaryd.se\/wp-content\/uploads\/2014\/01\/IMGP2739-600.jpg\"><img loading=\"lazy\" decoding=\"async\" aria-describedby=\"caption-attachment-393\" class=\" wp-image-393\" title=\"Linda Nyman\" alt=\"Linda Nyman\" src=\"http:\/\/hallaryd.se\/wp-content\/uploads\/2014\/01\/IMGP2739-600.jpg\" width=\"600\" height=\"503\" srcset=\"https:\/\/hallaryd.se\/wp-content\/uploads\/2014\/01\/IMGP2739-600.jpg 600w, https:\/\/hallaryd.se\/wp-content\/uploads\/2014\/01\/IMGP2739-600-300x251.jpg 300w, https:\/\/hallaryd.se\/wp-content\/uploads\/2014\/01\/IMGP2739-600-357x300.jpg 357w\" sizes=\"auto, (max-width: 600px) 100vw, 600px\" \/><\/a><p id=\"caption-attachment-393\" class=\"wp-caption-text\">Linda Nyman ansiktsm\u00e5lade glada barn under f\u00f6rmiddagen.<\/p><\/div>\n<div id=\"attachment_394\" style=\"width: 610px\" class=\"wp-caption aligncenter\"><a href=\"http:\/\/hallaryd.se\/wp-content\/uploads\/2014\/01\/IMGP2744-600.jpg\"><img loading=\"lazy\" decoding=\"async\" aria-describedby=\"caption-attachment-394\" class=\" wp-image-394 \" title=\"Lukas Perez h\u00f6ll i den sp\u00e4nnande backstaplingen \" alt=\"Backstaplingen\" src=\"http:\/\/hallaryd.se\/wp-content\/uploads\/2014\/01\/IMGP2744-600.jpg\" width=\"600\" height=\"450\" srcset=\"https:\/\/hallaryd.se\/wp-content\/uploads\/2014\/01\/IMGP2744-600.jpg 600w, https:\/\/hallaryd.se\/wp-content\/uploads\/2014\/01\/IMGP2744-600-300x225.jpg 300w, https:\/\/hallaryd.se\/wp-content\/uploads\/2014\/01\/IMGP2744-600-400x300.jpg 400w\" sizes=\"auto, (max-width: 600px) 100vw, 600px\" \/><\/a><p id=\"caption-attachment-394\" class=\"wp-caption-text\">Lukas Perez, fr\u00e5n Naturbruksgymnasiet i Osby, h\u00f6ll i den sp\u00e4nnande backstaplingen d\u00e4r barnen fick tr\u00e4na balansen och utmana eventuell h\u00f6jdr\u00e4dsla.<\/p><\/div>\n<div id=\"attachment_395\" style=\"width: 610px\" class=\"wp-caption aligncenter\"><a href=\"http:\/\/hallaryd.se\/wp-content\/uploads\/2014\/01\/IMGP2767-600.jpg\"><img loading=\"lazy\" decoding=\"async\" aria-describedby=\"caption-attachment-395\" class=\" wp-image-395\" title=\"Kronob\u00e4lgarna fr\u00e5n \u00c4lmhult underh\u00f6ll med s\u00e5ng och musik i kaffet\u00e4ltet.\" alt=\"Kronob\u00e4lgarna\" src=\"http:\/\/hallaryd.se\/wp-content\/uploads\/2014\/01\/IMGP2767-600.jpg\" width=\"600\" height=\"450\" srcset=\"https:\/\/hallaryd.se\/wp-content\/uploads\/2014\/01\/IMGP2767-600.jpg 600w, https:\/\/hallaryd.se\/wp-content\/uploads\/2014\/01\/IMGP2767-600-300x225.jpg 300w, https:\/\/hallaryd.se\/wp-content\/uploads\/2014\/01\/IMGP2767-600-400x300.jpg 400w\" sizes=\"auto, (max-width: 600px) 100vw, 600px\" \/><\/a><p id=\"caption-attachment-395\" class=\"wp-caption-text\">Kronob\u00e4lgarna fr\u00e5n \u00c4lmhult underh\u00f6ll med s\u00e5ng och musik i kaffet\u00e4ltet.<\/p><\/div>\n<div id=\"attachment_396\" style=\"width: 610px\" class=\"wp-caption aligncenter\"><a href=\"http:\/\/hallaryd.se\/wp-content\/uploads\/2014\/01\/IMGP2771-600.jpg\"><img loading=\"lazy\" decoding=\"async\" aria-describedby=\"caption-attachment-396\" class=\" wp-image-396\" title=\"Kyrkok\u00f6rerna fr\u00e5n Hallaryd och G\u00f6teryd sj\u00f6ng p\u00e5 scenen\" alt=\"Kyrkok\u00f6ren \" src=\"http:\/\/hallaryd.se\/wp-content\/uploads\/2014\/01\/IMGP2771-600.jpg\" width=\"600\" height=\"450\" srcset=\"https:\/\/hallaryd.se\/wp-content\/uploads\/2014\/01\/IMGP2771-600.jpg 600w, https:\/\/hallaryd.se\/wp-content\/uploads\/2014\/01\/IMGP2771-600-300x225.jpg 300w, https:\/\/hallaryd.se\/wp-content\/uploads\/2014\/01\/IMGP2771-600-400x300.jpg 400w\" sizes=\"auto, (max-width: 600px) 100vw, 600px\" \/><\/a><p id=\"caption-attachment-396\" class=\"wp-caption-text\">Kyrkok\u00f6rerna fr\u00e5n Hallaryd och G\u00f6teryd sj\u00f6ng p\u00e5 scenen under ledning av Vidar Lundb\u00e4ck.<\/p><\/div>\n<div id=\"attachment_397\" style=\"width: 610px\" class=\"wp-caption aligncenter\"><a href=\"http:\/\/hallaryd.se\/wp-content\/uploads\/2014\/01\/IMGP2787-600.jpg\"><img loading=\"lazy\" decoding=\"async\" aria-describedby=\"caption-attachment-397\" class=\" wp-image-397\" title=\"Vilopaus i Hembygdsparken\" alt=\"Vilopaus i Hembygdsparken\" src=\"http:\/\/hallaryd.se\/wp-content\/uploads\/2014\/01\/IMGP2787-600.jpg\" width=\"600\" height=\"450\" srcset=\"https:\/\/hallaryd.se\/wp-content\/uploads\/2014\/01\/IMGP2787-600.jpg 600w, https:\/\/hallaryd.se\/wp-content\/uploads\/2014\/01\/IMGP2787-600-300x225.jpg 300w, https:\/\/hallaryd.se\/wp-content\/uploads\/2014\/01\/IMGP2787-600-400x300.jpg 400w\" sizes=\"auto, (max-width: 600px) 100vw, 600px\" \/><\/a><p id=\"caption-attachment-397\" class=\"wp-caption-text\">B\u00e4nkarna i Hembygdsparken var v\u00e4lfyllda och man nj\u00f6t av god underh\u00e5llning, god mat och den vackra naturen vid \u00e5n.<\/p><\/div>\n<div id=\"attachment_399\" style=\"width: 610px\" class=\"wp-caption aligncenter\"><a href=\"http:\/\/hallaryd.se\/wp-content\/uploads\/2014\/01\/IMGP2798-liten-600.jpg\"><img loading=\"lazy\" decoding=\"async\" aria-describedby=\"caption-attachment-399\" class=\" wp-image-399\" title=\"Ida Gustafsson\" alt=\"Ida Gustafsson\" src=\"http:\/\/hallaryd.se\/wp-content\/uploads\/2014\/01\/IMGP2798-liten-600.jpg\" width=\"600\" height=\"445\" srcset=\"https:\/\/hallaryd.se\/wp-content\/uploads\/2014\/01\/IMGP2798-liten-600.jpg 600w, https:\/\/hallaryd.se\/wp-content\/uploads\/2014\/01\/IMGP2798-liten-600-300x222.jpg 300w, https:\/\/hallaryd.se\/wp-content\/uploads\/2014\/01\/IMGP2798-liten-600-404x300.jpg 404w\" sizes=\"auto, (max-width: 600px) 100vw, 600px\" \/><\/a><p id=\"caption-attachment-399\" class=\"wp-caption-text\">Dagen avrundades med Ida Gustafsson, en blivande stj\u00e4rna fr\u00e5n Str\u00f6msn\u00e4sbruk som p\u00e5 ett f\u00f6rtjusande s\u00e4tt sj\u00f6ng och spelade gitarr f\u00f6r publiken som i slutet fick chans att sjunga med i alls\u00e5ngen.<\/p><\/div>\n<p style=\"text-align: center;\">Vill du h\u00f6ra mer av Ida s\u00e5 klicka p\u00e5 l\u00e4nkarna!<\/p>\n<p dir=\"ltr\">&#8211; Itunes: <a href=\"https:\/\/itunes.apple.com\/us\/album\/step-over-the-line-ep\/id742105504\">https:\/\/itunes.apple.com\/us\/album\/step-over-the-line-ep\/id742105504<\/a><br \/>\n&#8211; Spotify: <a href=\"http:\/\/open.spotify.com\/artist\/33gn6UN14R6dqsd0avrruG\">http:\/\/open.spotify.com\/artist\/33gn6UN14R6dqsd0avrruG<\/a><br \/>\n&#8211; &#8221;Stupid dilemma&#8221; p\u00e5 Youtube: <a href=\"https:\/\/www.youtube.com\/watch?v=0z8h7rvjFkw\">https:\/\/www.youtube.com\/watch?v=0z8h7rvjFkw<\/a><\/p>\n<p dir=\"ltr\">Mer info om Ida finner du p\u00e5 l\u00e4nkarna nedan!<\/p>\n<p dir=\"ltr\"><a href=\"https:\/\/m.facebook.com\/2012CharliiI?_rdr\">https:\/\/m.facebook.com\/2012CharliiI?_rdr<\/a><\/p>\n<p style=\"text-align: left;\"><a href=\"https:\/\/myspace.com\/charlii-i\">https:\/\/myspace.com\/charlii-i<\/a><\/p>\n<p style=\"text-align: left;\">Fotograf: \u00c5sa Dahlstr\u00f6m<\/p>\n<p style=\"text-align: center;\"><strong><span style=\"color: #008000;\"><em><span style=\"color: #ff9900;\">**********\u00a0<\/span> I \u00e5r infaller Hallarydsdagen den 7 juni p\u00e5 pingstafton! <span style=\"color: #ff9900;\">**********<\/span><\/em><\/span><\/strong><\/p>\n<div id=\"attachment_375\" style=\"width: 640px\" class=\"wp-caption aligncenter\"><a href=\"http:\/\/hallaryd.se\/wp-content\/uploads\/2014\/01\/Reportage.jpg\"><img loading=\"lazy\" decoding=\"async\" aria-describedby=\"caption-attachment-375\" class=\" wp-image-375\" alt=\"Reportage\" src=\"http:\/\/hallaryd.se\/wp-content\/uploads\/2014\/01\/Reportage.jpg\" width=\"630\" height=\"511\" srcset=\"https:\/\/hallaryd.se\/wp-content\/uploads\/2014\/01\/Reportage.jpg 623w, https:\/\/hallaryd.se\/wp-content\/uploads\/2014\/01\/Reportage-300x243.jpg 300w, https:\/\/hallaryd.se\/wp-content\/uploads\/2014\/01\/Reportage-369x300.jpg 369w\" sizes=\"auto, (max-width: 630px) 100vw, 630px\" \/><\/a><p id=\"caption-attachment-375\" class=\"wp-caption-text\">Klipp fr\u00e5n Sm\u00e5l\u00e4nningen 3 juni 2014<\/p><\/div>\n<p style=\"text-align: center;\"><span style=\"color: #ff0000;\">EXTRA! EXTRA! <\/span><\/p>\n<h1 style=\"text-align: center;\"><span style=\"color: #ff0000;\">FOTOUTST\u00c4LLNING! <\/span><\/h1>\n<p style=\"text-align: center;\"><span style=\"color: #ff0000;\">EXTRA! EXTRA!<\/span><\/p>\n<h1 style=\"text-align: center;\">Dessutom medverkar:<\/h1>\n<h1 style=\"text-align: center;\">En trogen tj\u00e4nare!<\/h1>\n<p><a href=\"http:\/\/hallaryd.se\/wp-content\/uploads\/2014\/01\/IMGP1392-beskuren.jpg\"><img loading=\"lazy\" decoding=\"async\" class=\" wp-image-369 \" alt=\"IMGP1392 beskuren\" src=\"http:\/\/hallaryd.se\/wp-content\/uploads\/2014\/01\/IMGP1392-beskuren.jpg\" width=\"1517\" height=\"1221\" srcset=\"https:\/\/hallaryd.se\/wp-content\/uploads\/2014\/01\/IMGP1392-beskuren.jpg 3161w, https:\/\/hallaryd.se\/wp-content\/uploads\/2014\/01\/IMGP1392-beskuren-300x241.jpg 300w, https:\/\/hallaryd.se\/wp-content\/uploads\/2014\/01\/IMGP1392-beskuren-1024x824.jpg 1024w, https:\/\/hallaryd.se\/wp-content\/uploads\/2014\/01\/IMGP1392-beskuren-372x300.jpg 372w\" sizes=\"auto, (max-width: 1517px) 100vw, 1517px\" \/><\/a><\/p>\n<p style=\"text-align: center;\"><strong>\u00a0En \u00e4kta levande robot!<\/strong><\/p>\n<p><a href=\"http:\/\/hallaryd.se\/wp-content\/uploads\/2014\/01\/208477_216636825013580_5732223_n.jpg\"><img loading=\"lazy\" decoding=\"async\" class=\"wp-image-368  aligncenter\" alt=\"208477_216636825013580_5732223_n\" src=\"http:\/\/hallaryd.se\/wp-content\/uploads\/2014\/01\/208477_216636825013580_5732223_n.jpg\" width=\"386\" height=\"504\" srcset=\"https:\/\/hallaryd.se\/wp-content\/uploads\/2014\/01\/208477_216636825013580_5732223_n.jpg 551w, https:\/\/hallaryd.se\/wp-content\/uploads\/2014\/01\/208477_216636825013580_5732223_n-229x300.jpg 229w\" sizes=\"auto, (max-width: 386px) 100vw, 386px\" \/><\/a><\/p>\n<h1 style=\"text-align: center;\">Modellflyg flyger i luften!<\/h1>\n<p><a href=\"http:\/\/hallaryd.se\/wp-content\/uploads\/2014\/01\/IMGP1354-beskuren.jpg\"><img loading=\"lazy\" decoding=\"async\" class=\"size-full wp-image-370\" alt=\"Sm\u00e5 s\u00e5 de knappt syns i luften, men de h\u00f6rs och har man tur f\u00e5r man se dem bland tr\u00e4dtopparna!\" src=\"http:\/\/hallaryd.se\/wp-content\/uploads\/2014\/01\/IMGP1354-beskuren.jpg\" width=\"2167\" height=\"1674\" srcset=\"https:\/\/hallaryd.se\/wp-content\/uploads\/2014\/01\/IMGP1354-beskuren.jpg 2167w, https:\/\/hallaryd.se\/wp-content\/uploads\/2014\/01\/IMGP1354-beskuren-300x231.jpg 300w, https:\/\/hallaryd.se\/wp-content\/uploads\/2014\/01\/IMGP1354-beskuren-1024x791.jpg 1024w, https:\/\/hallaryd.se\/wp-content\/uploads\/2014\/01\/IMGP1354-beskuren-388x300.jpg 388w\" sizes=\"auto, (max-width: 2167px) 100vw, 2167px\" \/><\/a><\/p>\n<p style=\"text-align: center;\"><span style=\"color: #000000;\"><a href=\"http:\/\/hallaryd.se\/wp-content\/uploads\/2014\/02\/Affisch.jpeg\"><span style=\"color: #000000;\">Hela programmet hittar du h\u00e4r <\/span><\/a><\/span><\/p>\n<p><a href=\"http:\/\/hallaryd.se\/wp-content\/uploads\/2014\/02\/Affisch.jpeg\"><img loading=\"lazy\" decoding=\"async\" class=\"alignnone size-full wp-image-358\" alt=\"Affisch\" src=\"http:\/\/hallaryd.se\/wp-content\/uploads\/2014\/02\/Affisch.jpeg\" width=\"1700\" height=\"2338\" srcset=\"https:\/\/hallaryd.se\/wp-content\/uploads\/2014\/02\/Affisch.jpeg 1700w, https:\/\/hallaryd.se\/wp-content\/uploads\/2014\/02\/Affisch-218x300.jpeg 218w, https:\/\/hallaryd.se\/wp-content\/uploads\/2014\/02\/Affisch-744x1024.jpeg 744w\" sizes=\"auto, (max-width: 1700px) 100vw, 1700px\" \/><\/a><\/p>\n<p>&nbsp;<\/p>\n<p>N\u00e4sta planeringsm\u00f6te inf\u00f6r Hallarydsdagen blir den 27 maj kl 18.30 i Hallarydsg\u00e5rden.<\/p>\n<p>V\u00e4l m\u00f6tt!<\/p>\n<p><span style=\"color: #ffcc00;\">************************************\u00a0 <span style=\"color: #ff0000;\">VIKTIGT!\u00a0 <\/span>************************************<\/span><\/p>\n<p>M\u00f6t upp vid de sista f\u00f6rberedelserna inf\u00f6r Hallarydsdagen!<\/p>\n<p>P\u00e5 torsdagen 5 juni samling kl. 17.00 och p\u00e5 fredagen 6 juni kl. 10.00.<\/p>\n<p>Alla som vill hj\u00e4lpa till och \u00f6vertr\u00e4ffa f\u00f6rra \u00e5rets succ\u00e9 \u00e4r v\u00e4lkomna! Alla arbetsinsatser uppskattas h\u00f6gt!<\/p>\n<p>V\u00e4lkomna!<\/p>\n<p>\u00c5sa Dahlstr\u00f6m<\/p>\n<p>Projektledare 2014<\/p>\n<p>&nbsp;<\/p>\n<div id=\"attachment_190\" style=\"width: 4298px\" class=\"wp-caption alignnone\"><a href=\"http:\/\/hallaryd.se\/wp-content\/uploads\/2014\/01\/IMGP1395.jpg\"><img loading=\"lazy\" decoding=\"async\" aria-describedby=\"caption-attachment-190\" class=\" wp-image-190\" alt=\"IMGP1395\" src=\"http:\/\/hallaryd.se\/wp-content\/uploads\/2014\/01\/IMGP1395.jpg\" width=\"4288\" height=\"3216\" srcset=\"https:\/\/hallaryd.se\/wp-content\/uploads\/2014\/01\/IMGP1395.jpg 4288w, https:\/\/hallaryd.se\/wp-content\/uploads\/2014\/01\/IMGP1395-300x224.jpg 300w, https:\/\/hallaryd.se\/wp-content\/uploads\/2014\/01\/IMGP1395-1024x768.jpg 1024w, https:\/\/hallaryd.se\/wp-content\/uploads\/2014\/01\/IMGP1395-400x300.jpg 400w\" sizes=\"auto, (max-width: 4288px) 100vw, 4288px\" \/><\/a><p id=\"caption-attachment-190\" class=\"wp-caption-text\">2013 bes\u00f6ktes Hallarydsdagen av Carl von Linn\u00e9 gestaltad av Anton H\u00e4rder.<\/p><\/div>\n<p>&nbsp;<\/p>\n<p>&nbsp;<\/p>\n<p>&nbsp;<\/p>\n<p>&nbsp;<\/p>\n","protected":false},"excerpt":{"rendered":"<p>xxxxxxxxxxxxxxxxxxxxxxxxxxxxxxxxxxxxxxxxxxxxxxxxxxxxxxxxxxxxxxxx Vinnande nummer i m\u00e4rkeslotteriet blev 1086, 1164 och 1579 Vinsterna best\u00e5r av 3 st presentkort \u00e0 500 kr i Gr\u00e4sljunga G\u00e5rdsbutik Vid vinst kontakta \u00c5sa Dahlstr\u00f6m 0733-26 01 13 f\u00f6r vidare information. xxxxxxxxxxxxxxxxxxxxxxxxxxxxxxxxxxxxxxxxxxxxxxxxxxxxxxxxxxxxxxxxx Fotograf: Susanne G\u00e4re P\u00e5 tisdagskv\u00e4llen 24 &hellip; <a href=\"https:\/\/hallaryd.se\/?page_id=168\">Continue reading <span class=\"meta-nav\">&rarr;<\/span><\/a><\/p>\n","protected":false},"author":12,"featured_media":0,"parent":0,"menu_order":0,"comment_status":"closed","ping_status":"closed","template":"","meta":{"footnotes":""},"class_list":["post-168","page","type-page","status-publish","hentry"],"_links":{"self":[{"href":"https:\/\/hallaryd.se\/index.php?rest_route=\/wp\/v2\/pages\/168","targetHints":{"allow":["GET"]}}],"collection":[{"href":"https:\/\/hallaryd.se\/index.php?rest_route=\/wp\/v2\/pages"}],"about":[{"href":"https:\/\/hallaryd.se\/index.php?rest_route=\/wp\/v2\/types\/page"}],"author":[{"embeddable":true,"href":"https:\/\/hallaryd.se\/index.php?rest_route=\/wp\/v2\/users\/12"}],"replies":[{"embeddable":true,"href":"https:\/\/hallaryd.se\/index.php?rest_route=%2Fwp%2Fv2%2Fcomments&post=168"}],"version-history":[{"count":17,"href":"https:\/\/hallaryd.se\/index.php?rest_route=\/wp\/v2\/pages\/168\/revisions"}],"predecessor-version":[{"id":647,"href":"https:\/\/hallaryd.se\/index.php?rest_route=\/wp\/v2\/pages\/168\/revisions\/647"}],"wp:attachment":[{"href":"https:\/\/hallaryd.se\/index.php?rest_route=%2Fwp%2Fv2%2Fmedia&parent=168"}],"curies":[{"name":"wp","href":"https:\/\/api.w.org\/{rel}","templated":true}]}}